{"id":282,"date":"2024-04-02T16:28:42","date_gmt":"2024-04-02T16:28:42","guid":{"rendered":"https:\/\/hermanomiguelquito.lasalleweb.ec\/?page_id=282"},"modified":"2026-04-12T22:53:49","modified_gmt":"2026-04-12T22:53:49","slug":"oferta-academica","status":"publish","type":"page","link":"https:\/\/hermanomiguelquito.lasalleweb.ec\/?page_id=282","title":{"rendered":"Oferta Acad\u00e9mica"},"content":{"rendered":"<p>[et_pb_section fb_built=\u00bb1&#8243; admin_label=\u00bbHeader\u00bb _builder_version=\u00bb4.24.0&#8243; _module_preset=\u00bbdefault\u00bb background_color=\u00bbgcid-d214ab81-0383-475f-b48e-2c27b44bd017&#8243; background_video_mp4=\u00bbhttps:\/\/hermanomiguelquito.lasalleweb.ec\/wp-content\/uploads\/2024\/02\/production_id_5183278-1080p.mp4&#8243; overflow-x=\u00bbhidden\u00bb overflow-y=\u00bbhidden\u00bb collapsed=\u00bbon\u00bb global_colors_info=\u00bb{%22gcid-d214ab81-0383-475f-b48e-2c27b44bd017%22:%91%22background_color%22%93}\u00bb][et_pb_row column_structure=\u00bb1_2,1_2&#8243; make_equal=\u00bbon\u00bb _builder_version=\u00bb4.24.0&#8243; _module_preset=\u00bbdefault\u00bb global_colors_info=\u00bb{}\u00bb][et_pb_column type=\u00bb1_2&#8243; _builder_version=\u00bb4.23.1&#8243; _module_preset=\u00bbdefault\u00bb global_colors_info=\u00bb{}\u00bb][\/et_pb_column][et_pb_column type=\u00bb1_2&#8243; _builder_version=\u00bb4.23.1&#8243; _module_preset=\u00bbdefault\u00bb z_index=\u00bb10&#8243; global_colors_info=\u00bb{}\u00bb][et_pb_text _builder_version=\u00bb4.24.0&#8243; _module_preset=\u00bb38a4b1bf-56a1-4d66-ac30-6b418f2d22c2&#8243; header_font=\u00bbManrope|800|||||||\u00bb header_text_align=\u00bbright\u00bb header_text_color=\u00bb#FFFFFF\u00bb header_font_size=\u00bb44px\u00bb custom_margin=\u00bb||10px||false|false\u00bb header_text_shadow_style=\u00bbpreset3&#8243; global_colors_info=\u00bb{}\u00bb]<\/p>\n<h1>NUESTRA <br \/>OFERTA <br \/>ACAD\u00c9MICA<\/h1>\n<p>[\/et_pb_text][\/et_pb_column][\/et_pb_row][\/et_pb_section][et_pb_section fb_built=\u00bb1&#8243; admin_label=\u00bbAbout &#038; Video\u00bb _builder_version=\u00bb4.24.0&#8243; _module_preset=\u00bbdefault\u00bb background_enable_color=\u00bboff\u00bb background_enable_image=\u00bboff\u00bb background_size=\u00bbcustom\u00bb background_image_width=\u00bb12%\u00bb background_position=\u00bbbottom_right\u00bb background_horizontal_offset=\u00bb30px\u00bb background_vertical_offset=\u00bb30px\u00bb custom_margin=\u00bb||-4px|||\u00bb collapsed=\u00bbon\u00bb global_colors_info=\u00bb{%22gcid-d214ab81-0383-475f-b48e-2c27b44bd017%22:%91%22background_color%22%93}\u00bb][et_pb_row column_structure=\u00bb1_2,1_2&#8243; _builder_version=\u00bb4.24.2&#8243; _module_preset=\u00bbdefault\u00bb global_colors_info=\u00bb{}\u00bb][et_pb_column type=\u00bb1_2&#8243; _builder_version=\u00bb4.23.1&#8243; _module_preset=\u00bbdefault\u00bb global_colors_info=\u00bb{}\u00bb][et_pb_image src=\u00bbhttps:\/\/hermanomiguelquito.lasalleweb.ec\/wp-content\/uploads\/2024\/04\/sub-inicial-2.png\u00bb title_text=\u00bbsub inicial 2&#8243; align=\u00bbcenter\u00bb _builder_version=\u00bb4.24.2&#8243; _module_preset=\u00bbdefault\u00bb module_alignment=\u00bbcenter\u00bb max_height=\u00bb200px\u00bb global_colors_info=\u00bb{}\u00bb][\/et_pb_image][et_pb_text _builder_version=\u00bb4.24.0&#8243; _module_preset=\u00bbe6b0e8bd-720e-4f70-9568-9e274e2e3f3a\u00bb header_2_font=\u00bbManrope|800|||||||\u00bb header_2_font_size=\u00bb44px\u00bb text_orientation=\u00bbcenter\u00bb custom_margin=\u00bb||10px||false|false\u00bb global_colors_info=\u00bb{}\u00bb]<\/p>\n<h2>INICIAL<\/h2>\n<p>[\/et_pb_text][et_pb_text _builder_version=\u00bb4.24.0&#8243; _module_preset=\u00bb6039669d-ba25-4df8-88d3-616164325f5a\u00bb text_font=\u00bbManrope||||||||\u00bb text_orientation=\u00bbjustified\u00bb global_colors_info=\u00bb{}\u00bb]<\/p>\n<p>Las primeras experiencias educativas, son las m\u00e1s importantes para nuestros ni\u00f1os y ni\u00f1as, ya que sientan las bases para su aprendizaje y posterior desarrollo.<br \/>De all\u00ed la importancia de estimular los procesos cognitivos con aprendizajes significativos, el lenguaje promoviendo la participaci\u00f3n activa, su psicomotricidad con la ejercitaci\u00f3n f\u00edsica, el desarrollo de la expresi\u00f3n verbal y corporal inculcando el juego dram\u00e1tico, fomentar la creatividad con la pr\u00e1ctica del arte, su autoestima e interacci\u00f3n social mediante actividades l\u00fadicas. Por estas y muchas razones m\u00e1s, les invitamos a formar parte de la comunidad educativa de La Salle en donde nuestro equipo profesional que labora en el Nivel de Educaci\u00f3n Inicial 2 (4 a\u00f1os de edad) se encargar\u00e1 de la formaci\u00f3n integral de su ni\u00f1o y ni\u00f1a en un entorno de sana convivencia con principios \u00e9ticos y religiosos.<\/p>\n<p>[\/et_pb_text][\/et_pb_column][et_pb_column type=\u00bb1_2&#8243; _builder_version=\u00bb4.23.1&#8243; _module_preset=\u00bbdefault\u00bb global_colors_info=\u00bb{}\u00bb][et_pb_image src=\u00bbhttps:\/\/hermanomiguelquito.lasalleweb.ec\/wp-content\/uploads\/2024\/04\/preparatoria.png\u00bb title_text=\u00bbpreparatoria\u00bb align=\u00bbcenter\u00bb _builder_version=\u00bb4.24.2&#8243; _module_preset=\u00bbdefault\u00bb module_alignment=\u00bbcenter\u00bb max_height=\u00bb200px\u00bb global_colors_info=\u00bb{}\u00bb][\/et_pb_image][et_pb_text _builder_version=\u00bb4.24.0&#8243; _module_preset=\u00bbe6b0e8bd-720e-4f70-9568-9e274e2e3f3a\u00bb header_2_font=\u00bbManrope|800|||||||\u00bb header_2_font_size=\u00bb44px\u00bb text_orientation=\u00bbcenter\u00bb custom_margin=\u00bb||10px||false|false\u00bb global_colors_info=\u00bb{}\u00bb]<\/p>\n<h2>PREPARATORIA<\/h2>\n<p>[\/et_pb_text][et_pb_image src=\u00bbhttps:\/\/hermanomiguelquito.lasalleweb.ec\/wp-content\/uploads\/2026\/04\/VISITA-AL.png\u00bb _builder_version=\u00bb4.27.4&#8243; _module_preset=\u00bbdefault\u00bb title_text=\u00bbVISITA AL\u00bb hover_enabled=\u00bb0&#8243; sticky_enabled=\u00bb0&#8243;][\/et_pb_image][et_pb_text _builder_version=\u00bb4.24.0&#8243; _module_preset=\u00bb6039669d-ba25-4df8-88d3-616164325f5a\u00bb text_font=\u00bbManrope||||||||\u00bb text_orientation=\u00bbjustified\u00bb global_colors_info=\u00bb{}\u00bb]<\/p>\n<p>La Unidad Educativa Hermano Miguel De La Salle en su oferta acad\u00e9mica del Subnivel de Educaci\u00f3n General B\u00e1sica Preparatoria, dirigido a ni\u00f1os de 5 a\u00f1os de edad, ofrece el desarrollo de experiencias de aprendizaje significativas e integrales desde el \u00e1mbito biol\u00f3gico, emocional, psicol\u00f3gico, motriz y social, con el ni\u00f1o como actor principal del aprendizaje, a trav\u00e9s de la implementaci\u00f3n de metodolog\u00eda activa y l\u00fadica con la finalidad de promover una educaci\u00f3n de calidad humana y cristiana. Para ello cuenta con la certificaci\u00f3n de calidad EFQM, espacios f\u00edsicos adecuados y un equipo profesional multidisciplinario, afectivo y flexible orientados a garantizar un entorno de aprendizaje familiar, afectivo, flexible, colaborativo en vinculaci\u00f3n directa con la familia, el medio ambiente y las nuevas tecnolog\u00edas.<\/p>\n<p>[\/et_pb_text][\/et_pb_column][\/et_pb_row][et_pb_row column_structure=\u00bb1_3,1_3,1_3&#8243; _builder_version=\u00bb4.24.3&#8243; _module_preset=\u00bbdefault\u00bb global_colors_info=\u00bb{}\u00bb][et_pb_column type=\u00bb1_3&#8243; _builder_version=\u00bb4.24.3&#8243; _module_preset=\u00bbdefault\u00bb global_colors_info=\u00bb{}\u00bb][et_pb_image src=\u00bbhttps:\/\/hermanomiguelquito.lasalleweb.ec\/wp-content\/uploads\/2024\/04\/Elemental.png\u00bb title_text=\u00bbElemental\u00bb _builder_version=\u00bb4.24.3&#8243; _module_preset=\u00bbdefault\u00bb global_colors_info=\u00bb{}\u00bb][\/et_pb_image][et_pb_heading title=\u00bbB\u00c1SICA ELEMENTAL\u00bb _builder_version=\u00bb4.24.3&#8243; _module_preset=\u00bbdefault\u00bb global_colors_info=\u00bb{}\u00bb][\/et_pb_heading][et_pb_text _builder_version=\u00bb4.24.3&#8243; _module_preset=\u00bb6039669d-ba25-4df8-88d3-616164325f5a\u00bb text_font=\u00bbManrope||||||||\u00bb text_orientation=\u00bbjustified\u00bb custom_margin=\u00bb|-294px||||\u00bb global_colors_info=\u00bb{}\u00bb]<\/p>\n<p>La Unidad Educativa Hermano Miguel De La Salle en su oferta del Subnivel de Educaci\u00f3n General B\u00e1sica Elemental, dirigida a estudiantes de entre 6 y 8 a\u00f1os de edad, ofrece el desarrollo de destrezas y habilidades cognitivas, sociales y emocionales, a trav\u00e9s de la certificaci\u00f3n de calidad EFQM y la implementaci\u00f3n de metodolog\u00eda activa y l\u00fadica con especial atenci\u00f3n al trabajo colaborativo con base en el curr\u00edculo nacional y en propuestas curriculares propias como la implementaci\u00f3n de asignaturas que contribuyen al desarrollo cr\u00edtico del pensamiento e innovaci\u00f3n y los valores institucionales de fraternidad, servicio, compromiso, justicia y fe con la finalidad de promover una educaci\u00f3n de calidad, humana y cristiana. Para ello cuenta con un equipo de profesionales multidisciplinarios orientados a garantizar un ambiente seguro, familiar, afectivo y confiable para el aprendizaje en vinculaci\u00f3n permanente con la familia, la sociedad y las nuevas tecnolog\u00edas.<\/p>\n<p>[\/et_pb_text][\/et_pb_column][et_pb_column type=\u00bb1_3&#8243; _builder_version=\u00bb4.24.3&#8243; _module_preset=\u00bbdefault\u00bb global_colors_info=\u00bb{}\u00bb][\/et_pb_column][et_pb_column type=\u00bb1_3&#8243; _builder_version=\u00bb4.24.3&#8243; _module_preset=\u00bbdefault\u00bb global_colors_info=\u00bb{}\u00bb][\/et_pb_column][\/et_pb_row][\/et_pb_section][et_pb_section fb_built=\u00bb1&#8243; admin_label=\u00bbFAQ\u00bb _builder_version=\u00bb4.24.0&#8243; _module_preset=\u00bbdefault\u00bb background_enable_color=\u00bboff\u00bb custom_padding=\u00bb||0px|||\u00bb collapsed=\u00bbon\u00bb global_colors_info=\u00bb{%22gcid-8ce98ce1-4460-49e4-9cd7-b148b47c216c%22:%91%22background_color%22%93}\u00bb][et_pb_row column_structure=\u00bb1_2,1_2&#8243; _builder_version=\u00bb4.24.2&#8243; _module_preset=\u00bbdefault\u00bb global_colors_info=\u00bb{}\u00bb][et_pb_column type=\u00bb1_2&#8243; _builder_version=\u00bb4.23.1&#8243; _module_preset=\u00bbdefault\u00bb global_colors_info=\u00bb{}\u00bb][et_pb_image src=\u00bbhttps:\/\/hermanomiguelquito.lasalleweb.ec\/wp-content\/uploads\/2024\/04\/basica-media.png\u00bb title_text=\u00bbb\u00e1sica media\u00bb align=\u00bbcenter\u00bb _builder_version=\u00bb4.24.2&#8243; _module_preset=\u00bbdefault\u00bb module_alignment=\u00bbcenter\u00bb max_height=\u00bb200px\u00bb locked=\u00bboff\u00bb global_colors_info=\u00bb{}\u00bb][\/et_pb_image][et_pb_text _builder_version=\u00bb4.24.0&#8243; _module_preset=\u00bbe6b0e8bd-720e-4f70-9568-9e274e2e3f3a\u00bb header_2_font=\u00bbManrope|800|||||||\u00bb header_2_font_size=\u00bb44px\u00bb text_orientation=\u00bbcenter\u00bb custom_margin=\u00bb||10px||false|false\u00bb global_colors_info=\u00bb{}\u00bb]<\/p>\n<h2>B\u00c1SICA MEDIA<\/h2>\n<p>[\/et_pb_text][et_pb_text _builder_version=\u00bb4.24.0&#8243; _module_preset=\u00bb6039669d-ba25-4df8-88d3-616164325f5a\u00bb text_font=\u00bbManrope||||||||\u00bb text_orientation=\u00bbjustified\u00bb global_colors_info=\u00bb{}\u00bb]<\/p>\n<p>Cada a\u00f1o en nuestra Instituci\u00f3n el grupo de Educaci\u00f3n General B\u00e1sica Media en colaboraci\u00f3n de: Autoridades, Docentes, Estudiantes y Padres de Familia, han sido ese v\u00ednculo esencial para la convivencia arm\u00f3nica, donde se ha conjugado valores como la responsabilidad, bondad, solidaridad, respeto y la confianza, fomentando as\u00ed el esp\u00edritu de unidad grupal y la certeza de haber compartido aprendizajes significativos que alentar\u00e1n a nuestros estudiantes Lasallistas a ser mejores cada d\u00eda.<\/p>\n<p>[\/et_pb_text][\/et_pb_column][et_pb_column type=\u00bb1_2&#8243; _builder_version=\u00bb4.23.1&#8243; _module_preset=\u00bbdefault\u00bb global_colors_info=\u00bb{}\u00bb][et_pb_image src=\u00bbhttps:\/\/hermanomiguelquito.lasalleweb.ec\/wp-content\/uploads\/2024\/04\/basica-superior.png\u00bb title_text=\u00bbb\u00e1sica superior\u00bb align=\u00bbcenter\u00bb _builder_version=\u00bb4.24.2&#8243; _module_preset=\u00bbdefault\u00bb module_alignment=\u00bbcenter\u00bb max_height=\u00bb200px\u00bb global_colors_info=\u00bb{}\u00bb][\/et_pb_image][et_pb_text _builder_version=\u00bb4.24.0&#8243; _module_preset=\u00bbe6b0e8bd-720e-4f70-9568-9e274e2e3f3a\u00bb header_2_font=\u00bbManrope|800|||||||\u00bb header_2_font_size=\u00bb44px\u00bb text_orientation=\u00bbcenter\u00bb custom_margin=\u00bb||10px||false|false\u00bb global_colors_info=\u00bb{}\u00bb]<\/p>\n<h2>B\u00c1SICA SUPERIOR<\/h2>\n<p>[\/et_pb_text][et_pb_text _builder_version=\u00bb4.24.0&#8243; _module_preset=\u00bb6039669d-ba25-4df8-88d3-616164325f5a\u00bb text_font=\u00bbManrope||||||||\u00bb text_orientation=\u00bbjustified\u00bb global_colors_info=\u00bb{}\u00bb]<\/p>\n<p>La Unidad Educativa Particular Hermano Miguel \u2013 De La Salle de Cuenca, en el nivel de B\u00e1sica superior, brinda a sus estudiantes una educaci\u00f3n humana y cristiana de calidad, desarrollando, competencias: afectivas, cognitivas, de desarrollo humano, de valores; formando ciudadanos cr\u00edticos, indagadores, con sentido de liderazgo, conciencia ecol\u00f3gica y respetuosos de la interculturalidad, aplicando nuevas metodolog\u00edas de aprendizaje como el ABP, constructivista, etc. con un personal Docente capacitado constantemente en manejos de los Tics, TAC, entre otras, manejo de plataformas, ellos tiene t\u00edtulos de tercer y cuarto nivel, las aulas est\u00e1n dotadas con internet, Infocus, adem\u00e1s tenemos laboratorios de ingl\u00e9s, ciencias naturales, computaci\u00f3n, f\u00edsica, departamento m\u00e9dico, odontol\u00f3gico.<\/p>\n<p>[\/et_pb_text][\/et_pb_column][\/et_pb_row][\/et_pb_section][et_pb_section fb_built=\u00bb1&#8243; admin_label=\u00bbFAQ\u00bb _builder_version=\u00bb4.24.0&#8243; _module_preset=\u00bbdefault\u00bb background_enable_color=\u00bboff\u00bb custom_padding=\u00bb||0px|||\u00bb collapsed=\u00bbon\u00bb global_colors_info=\u00bb{%22gcid-8ce98ce1-4460-49e4-9cd7-b148b47c216c%22:%91%22background_color%22%93}\u00bb][et_pb_row column_structure=\u00bb1_2,1_2&#8243; _builder_version=\u00bb4.24.2&#8243; _module_preset=\u00bbdefault\u00bb global_colors_info=\u00bb{}\u00bb][et_pb_column type=\u00bb1_2&#8243; _builder_version=\u00bb4.23.1&#8243; _module_preset=\u00bbdefault\u00bb global_colors_info=\u00bb{}\u00bb][et_pb_image src=\u00bbhttps:\/\/hermanomiguelquito.lasalleweb.ec\/wp-content\/uploads\/2024\/04\/bachillerato-en-ciencias.png\u00bb title_text=\u00bbbachillerato en ciencias\u00bb align=\u00bbcenter\u00bb _builder_version=\u00bb4.24.2&#8243; _module_preset=\u00bbdefault\u00bb module_alignment=\u00bbcenter\u00bb max_height=\u00bb200px\u00bb global_colors_info=\u00bb{}\u00bb][\/et_pb_image][et_pb_text _builder_version=\u00bb4.24.0&#8243; _module_preset=\u00bbe6b0e8bd-720e-4f70-9568-9e274e2e3f3a\u00bb header_2_font=\u00bbManrope|800|||||||\u00bb header_2_font_size=\u00bb44px\u00bb text_orientation=\u00bbcenter\u00bb custom_margin=\u00bb||10px||false|false\u00bb global_colors_info=\u00bb{}\u00bb]<\/p>\n<h2>BACHILLERATO EN CIENCIAS<\/h2>\n<p>[\/et_pb_text][et_pb_text _builder_version=\u00bb4.24.0&#8243; _module_preset=\u00bb6039669d-ba25-4df8-88d3-616164325f5a\u00bb text_font=\u00bbManrope||||||||\u00bb text_orientation=\u00bbjustified\u00bb global_colors_info=\u00bb{}\u00bb]<\/p>\n<p>La Unidad Educativa Particular Hermano Miguel De La Salle en su oferta del nivel de Bachillerato General Unificado, dirigido a estudiantes de entre 14 y 17 a\u00f1os de edad, ofrece el desarrollo de destrezas y habilidades cognitivas, sociales y emocionales, la implementaci\u00f3n de metodolog\u00edas activas y l\u00fadicas con especial atenci\u00f3n al trabajo colaborativo con base en el curr\u00edculo nacional y en propuestas curriculares propias, con una visi\u00f3n de sostenibilidad ambiental, enfocadas en cubrir los requerimientos necesarios para poder acceder a la educaci\u00f3n superior, implementando asignaturas que contribuyan al desarrollo cr\u00edtico del pensamiento e innovaci\u00f3n y los valores institucionales de fraternidad, servicio, compromiso, justicia y fe con la finalidad de promover una educaci\u00f3n de calidad, humana y cristiana. <\/p>\n<p>[\/et_pb_text][\/et_pb_column][et_pb_column type=\u00bb1_2&#8243; _builder_version=\u00bb4.23.1&#8243; _module_preset=\u00bbdefault\u00bb global_colors_info=\u00bb{}\u00bb][et_pb_image src=\u00bbhttps:\/\/hermanomiguelquito.lasalleweb.ec\/wp-content\/uploads\/2024\/04\/bachillerato-internacional.png\u00bb title_text=\u00bbbachillerato internacional\u00bb align=\u00bbcenter\u00bb _builder_version=\u00bb4.24.2&#8243; _module_preset=\u00bbdefault\u00bb module_alignment=\u00bbcenter\u00bb max_height=\u00bb200px\u00bb global_colors_info=\u00bb{}\u00bb][\/et_pb_image][et_pb_text _builder_version=\u00bb4.24.0&#8243; _module_preset=\u00bbe6b0e8bd-720e-4f70-9568-9e274e2e3f3a\u00bb header_2_font=\u00bbManrope|800|||||||\u00bb header_2_font_size=\u00bb44px\u00bb text_orientation=\u00bbcenter\u00bb custom_margin=\u00bb||10px||false|false\u00bb global_colors_info=\u00bb{}\u00bb]<\/p>\n<h2>BACHILLERATO INTERNACIONAL<\/h2>\n<p>[\/et_pb_text][et_pb_text _builder_version=\u00bb4.24.0&#8243; _module_preset=\u00bb6039669d-ba25-4df8-88d3-616164325f5a\u00bb text_font=\u00bbManrope||||||||\u00bb text_orientation=\u00bbjustified\u00bb global_colors_info=\u00bb{}\u00bb]<\/p>\n<p>El Bachillerato Internacional tiene como meta formar j\u00f3venes solidarios, informados y \u00e1vidos de conocimiento, capaces de contribuir a crear un mundo mejor y m\u00e1s pac\u00edfico, en el marco del entendimiento mutuo y el respeto intercultural.<br \/>En pos de este objetivo, la organizaci\u00f3n colabora con establecimientos escolares, gobiernos y organizaciones internacionales para crear y desarrollar programas de educaci\u00f3n internacional exigentes y m\u00e9todos de evaluaci\u00f3n rigurosos.<br \/>Estos programas alientan a estudiantes del mundo entero a adoptar una actitud activa de aprendizaje durante toda su vida, a ser compasivos y a entender que otras personas, con sus diferencias, tambi\u00e9n pueden estar en lo cierto. (Organizaci\u00f3n del Bachillerato Internacional, 2019).<\/p>\n<p>[\/et_pb_text][\/et_pb_column][\/et_pb_row][\/et_pb_section][et_pb_section fb_built=\u00bb1&#8243; admin_label=\u00bbFooter Links\u00bb _builder_version=\u00bb4.27.2&#8243; _module_preset=\u00bbdefault\u00bb background_color=\u00bbgcid-dfe2e0c1-6f93-4563-8502-7952298bf493&#8243; background_image=\u00bbhttps:\/\/hermanomiguelquito.lasalleweb.ec\/wp-content\/uploads\/2024\/11\/Historia-de-Instagram-Reel-Nuevo-Minimalista-Blanco-2.png\u00bb custom_padding=\u00bb0px||12px|||\u00bb global_module=\u00bb152&#8243; saved_tabs=\u00bball\u00bb locked=\u00bboff\u00bb collapsed=\u00bbon\u00bb global_colors_info=\u00bb{%22gcid-dfe2e0c1-6f93-4563-8502-7952298bf493%22:%91%22background_color%22%93}\u00bb][et_pb_row column_structure=\u00bb1_6,1_6,1_6,1_6,1_6,1_6&#8243; make_equal=\u00bbon\u00bb _builder_version=\u00bb4.27.2&#8243; _module_preset=\u00bbdefault\u00bb width=\u00bb100%\u00bb max_width=\u00bb1186px\u00bb custom_margin=\u00bb|125px|23px|124px||\u00bb custom_padding=\u00bb||0px|0px||\u00bb global_colors_info=\u00bb{}\u00bb][et_pb_column type=\u00bb1_6&#8243; _builder_version=\u00bb4.21.0&#8243; _module_preset=\u00bbdefault\u00bb global_colors_info=\u00bb{}\u00bb][et_pb_social_media_follow icon_color=\u00bb#E09900&#8243; disabled_on=\u00bboff|off|off\u00bb _builder_version=\u00bb4.27.2&#8243; _module_preset=\u00bbdefault\u00bb background_color=\u00bbRGBA(255,255,255,0)\u00bb custom_button=\u00bbon\u00bb button_text_color=\u00bb#FFFFFF\u00bb button_bg_color=\u00bb#bc6100&#8243; transform_scale=\u00bb156%|156%\u00bb transform_scale_tablet=\u00bb\u00bb transform_scale_phone=\u00bb\u00bb transform_scale_last_edited=\u00bbon|desktop\u00bb transform_translate=\u00bb83px|115px\u00bb transform_translate_tablet=\u00bb\u00bb transform_translate_phone=\u00bb\u00bb transform_translate_last_edited=\u00bbon|tablet\u00bb transform_rotate_tablet=\u00bb\u00bb transform_rotate_phone=\u00bb\u00bb transform_rotate_last_edited=\u00bbon|tablet\u00bb transform_skew_tablet=\u00bb\u00bb transform_skew_phone=\u00bb\u00bb transform_skew_last_edited=\u00bbon|tablet\u00bb transform_origin=\u00bb48%|72%\u00bb transform_origin_tablet=\u00bb\u00bb transform_origin_phone=\u00bb\u00bb transform_origin_last_edited=\u00bbon|tablet\u00bb transform_styles_last_edited=\u00bbon|desktop\u00bb text_orientation=\u00bbcenter\u00bb width=\u00bb0%\u00bb max_width=\u00bb1%\u00bb custom_margin=\u00bb|-50px||||\u00bb custom_padding=\u00bb|2px|116px|||\u00bb animation_style=\u00bbzoom\u00bb transform_styles_tablet=\u00bb\u00bb transform_styles_phone=\u00bb\u00bb border_radii=\u00bbon|2px|2px|2px|2px\u00bb border_color_top=\u00bbRGBA(255,255,255,0)\u00bb text_shadow_style=\u00bbpreset2&#8243; global_colors_info=\u00bb{}\u00bb z_index__hover_enabled=\u00bbon|desktop\u00bb][et_pb_social_media_follow_network social_network=\u00bbwhatsapp\u00bb url=\u00bbhttps:\/\/wa.me\/message\/RO6CAMPOQXCAG1&#8243; _builder_version=\u00bb4.27.2&#8243; _module_preset=\u00bbdefault\u00bb background_color=\u00bbRGBA(255,255,255,0)\u00bb background_enable_color=\u00bbon\u00bb global_colors_info=\u00bb{}\u00bb follow_button=\u00bboff\u00bb url_new_window=\u00bbon\u00bb]whatsapp[\/et_pb_social_media_follow_network][et_pb_social_media_follow_network social_network=\u00bbfacebook\u00bb url=\u00bbhttps:\/\/www.facebook.com\/hmls.quito\u00bb _builder_version=\u00bb4.27.2&#8243; _module_preset=\u00bbdefault\u00bb background_color=\u00bbRGBA(255,255,255,0)\u00bb background_enable_color=\u00bbon\u00bb global_colors_info=\u00bb{}\u00bb follow_button=\u00bboff\u00bb url_new_window=\u00bbon\u00bb]facebook[\/et_pb_social_media_follow_network][et_pb_social_media_follow_network social_network=\u00bbinstagram\u00bb url=\u00bbhttps:\/\/www.instagram.com\/hermanomiguellasalleuio\/\u00bb _builder_version=\u00bb4.27.2&#8243; _module_preset=\u00bbdefault\u00bb background_color=\u00bbRGBA(255,255,255,0)\u00bb background_enable_color=\u00bbon\u00bb global_colors_info=\u00bb{}\u00bb follow_button=\u00bboff\u00bb url_new_window=\u00bbon\u00bb]instagram[\/et_pb_social_media_follow_network][\/et_pb_social_media_follow][\/et_pb_column][et_pb_column type=\u00bb1_6&#8243; _builder_version=\u00bb4.21.0&#8243; _module_preset=\u00bbdefault\u00bb global_colors_info=\u00bb{}\u00bb][et_pb_text _builder_version=\u00bb4.24.0&#8243; _module_preset=\u00bb9e0f691a-51a6-4320-a4bb-7b8eaf0485ea\u00bb header_4_text_color=\u00bb#FFFFFF\u00bb header_4_font_size=\u00bb20px\u00bb custom_margin=\u00bb||20px||false|false\u00bb global_colors_info=\u00bb{}\u00bb][\/et_pb_text][et_pb_text _builder_version=\u00bb4.27.2&#8243; _module_preset=\u00bb9e0f691a-51a6-4320-a4bb-7b8eaf0485ea\u00bb header_4_text_color=\u00bb#FFFFFF\u00bb header_4_font_size=\u00bb20px\u00bb transform_scale=\u00bb154%|154%\u00bb transform_translate=\u00bb25px|66px\u00bb custom_margin=\u00bb||20px||false|false\u00bb global_colors_info=\u00bb{}\u00bb]<\/p>\n<h4>TEL\u00c9FONOS<\/h4>\n<p>[\/et_pb_text][et_pb_text _builder_version=\u00bb4.27.2&#8243; _module_preset=\u00bb9e13ac0a-9ab7-4711-b476-4f1256d1adc0&#8243; text_font=\u00bbNunito||||||||\u00bb text_text_color=\u00bb#FFFFFF\u00bb text_font_size=\u00bb7px\u00bb link_text_color=\u00bbgcid-4e1a4293-6847-4a8b-8670-1037625c3a21&#8243; transform_scale=\u00bb126%|126%\u00bb transform_translate=\u00bb13px|78px\u00bb custom_margin=\u00bb||12px||false|false\u00bb text_font_size_last_edited=\u00bboff|desktop\u00bb global_colors_info=\u00bb{%22gcid-4e1a4293-6847-4a8b-8670-1037625c3a21%22:%91%22link_text_color%22%93}\u00bb]<\/p>\n<p class=\"font_8 wixui-rich-text__text\"><span class=\"wixui-rich-text__text\">(02) 2583 360<\/span><\/p>\n<p class=\"font_8 wixui-rich-text__text\">096 200 0929<\/p>\n<p>[\/et_pb_text][et_pb_image src=\u00bbhttps:\/\/hermanomiguelquito.lasalleweb.ec\/wp-content\/uploads\/2024\/02\/98d749_9632f7fa33a944d2b8a17e215da118c3mv2.webp\u00bb title_text=\u00bb98d749_9632f7fa33a944d2b8a17e215da118c3~mv2&#8243; _builder_version=\u00bb4.27.2&#8243; _module_preset=\u00bbdefault\u00bb transform_translate=\u00bb-191px|-135px\u00bb custom_padding=\u00bb||2px|||\u00bb global_colors_info=\u00bb{}\u00bb][\/et_pb_image][\/et_pb_column][et_pb_column type=\u00bb1_6&#8243; _builder_version=\u00bb4.27.2&#8243; _module_preset=\u00bbdefault\u00bb global_colors_info=\u00bb{}\u00bb][\/et_pb_column][et_pb_column type=\u00bb1_6&#8243; _builder_version=\u00bb4.21.0&#8243; _module_preset=\u00bbdefault\u00bb global_colors_info=\u00bb{}\u00bb][et_pb_image src=\u00bbhttps:\/\/hermanomiguelquito.lasalleweb.ec\/wp-content\/uploads\/2024\/11\/Banner-Web-Comida-de-mascotas-azul.png\u00bb title_text=\u00bbBanner Web Comida de mascotas azul\u00bb _builder_version=\u00bb4.27.2&#8243; _module_preset=\u00bbdefault\u00bb transform_scale=\u00bb206%|160%\u00bb transform_scale_linked=\u00bboff\u00bb transform_translate=\u00bb-14px|10px\u00bb width=\u00bb200%\u00bb max_width=\u00bb100%\u00bb module_alignment=\u00bbleft\u00bb min_height=\u00bb100px\u00bb height=\u00bb100px\u00bb max_height=\u00bb1000px\u00bb custom_padding=\u00bb|0px|0px|||\u00bb animation_style=\u00bbbounce\u00bb global_colors_info=\u00bb{}\u00bb][\/et_pb_image][\/et_pb_column][et_pb_column type=\u00bb1_6&#8243; _builder_version=\u00bb4.21.0&#8243; _module_preset=\u00bbdefault\u00bb global_colors_info=\u00bb{}\u00bb][\/et_pb_column][et_pb_column type=\u00bb1_6&#8243; _builder_version=\u00bb4.27.2&#8243; _module_preset=\u00bbdefault\u00bb global_colors_info=\u00bb{}\u00bb][et_pb_image src=\u00bbhttps:\/\/hermanomiguelquito.lasalleweb.ec\/wp-content\/uploads\/2024\/02\/98d749_3632d509fb614ae5adc97769efeff12fmv2.webp\u00bb title_text=\u00bb98d749_3632d509fb614ae5adc97769efeff12f~mv2&#8243; _builder_version=\u00bb4.27.2&#8243; _module_preset=\u00bbdefault\u00bb transform_scale=\u00bb148%|148%\u00bb transform_translate=\u00bb-29px|26px\u00bb global_colors_info=\u00bb{}\u00bb][\/et_pb_image][et_pb_image src=\u00bbhttps:\/\/hermanomiguelquito.lasalleweb.ec\/wp-content\/uploads\/2024\/02\/98d749_30cc9847268e4bf7b5ab89098ba2d27dmv2.webp\u00bb title_text=\u00bb98d749_30cc9847268e4bf7b5ab89098ba2d27d~mv2&#8243; _builder_version=\u00bb4.27.2&#8243; _module_preset=\u00bbdefault\u00bb transform_scale=\u00bb52%|52%\u00bb transform_translate=\u00bb-37px|5px\u00bb custom_margin=\u00bb|||-23px||\u00bb custom_padding=\u00bb|0px|11px|||\u00bb global_colors_info=\u00bb{}\u00bb][\/et_pb_image][\/et_pb_column][\/et_pb_row][et_pb_row _builder_version=\u00bb4.24.0&#8243; _module_preset=\u00bbdefault\u00bb custom_padding=\u00bb0px||8px|||\u00bb global_colors_info=\u00bb{}\u00bb][et_pb_column type=\u00bb4_4&#8243; _builder_version=\u00bb4.24.0&#8243; _module_preset=\u00bbdefault\u00bb global_colors_info=\u00bb{}\u00bb][et_pb_text _builder_version=\u00bb4.27.2&#8243; _module_preset=\u00bbdefault\u00bb text_text_color=\u00bb#FFFFFF\u00bb text_orientation=\u00bbcenter\u00bb global_colors_info=\u00bb{}\u00bb]<\/p>\n<p><img decoding=\"async\" src=\"https:\/\/static.wixstatic.com\/media\/98d749_064d87306ec548a9880d4b52ee04a33d~mv2.webp\" \/><br \/>U.E. Hermano Miguel De La Salle &#8211; Derechos Reservados<\/p>\n<p>[\/et_pb_text][\/et_pb_column][\/et_pb_row][\/et_pb_section]<\/p>\n","protected":false},"excerpt":{"rendered":"<p>NUESTRA OFERTA ACAD\u00c9MICAINICIALLas primeras experiencias educativas, son las m\u00e1s importantes para nuestros ni\u00f1os y ni\u00f1as, ya que sientan las bases para su aprendizaje y posterior desarrollo.De all\u00ed la importancia de estimular los procesos cognitivos con aprendizajes significativos, el lenguaje promoviendo la participaci\u00f3n activa, su psicomotricidad con la ejercitaci\u00f3n f\u00edsica, el desarrollo de la expresi\u00f3n verbal [&hellip;]<\/p>\n","protected":false},"author":3,"featured_media":0,"parent":0,"menu_order":0,"comment_status":"closed","ping_status":"closed","template":"","meta":{"_et_pb_use_builder":"on","_et_pb_old_content":"","_et_gb_content_width":"","footnotes":""},"class_list":["post-282","page","type-page","status-publish","hentry"],"_links":{"self":[{"href":"https:\/\/hermanomiguelquito.lasalleweb.ec\/index.php?rest_route=\/wp\/v2\/pages\/282","targetHints":{"allow":["GET"]}}],"collection":[{"href":"https:\/\/hermanomiguelquito.lasalleweb.ec\/index.php?rest_route=\/wp\/v2\/pages"}],"about":[{"href":"https:\/\/hermanomiguelquito.lasalleweb.ec\/index.php?rest_route=\/wp\/v2\/types\/page"}],"author":[{"embeddable":true,"href":"https:\/\/hermanomiguelquito.lasalleweb.ec\/index.php?rest_route=\/wp\/v2\/users\/3"}],"replies":[{"embeddable":true,"href":"https:\/\/hermanomiguelquito.lasalleweb.ec\/index.php?rest_route=%2Fwp%2Fv2%2Fcomments&post=282"}],"version-history":[{"count":12,"href":"https:\/\/hermanomiguelquito.lasalleweb.ec\/index.php?rest_route=\/wp\/v2\/pages\/282\/revisions"}],"predecessor-version":[{"id":902,"href":"https:\/\/hermanomiguelquito.lasalleweb.ec\/index.php?rest_route=\/wp\/v2\/pages\/282\/revisions\/902"}],"wp:attachment":[{"href":"https:\/\/hermanomiguelquito.lasalleweb.ec\/index.php?rest_route=%2Fwp%2Fv2%2Fmedia&parent=282"}],"curies":[{"name":"wp","href":"https:\/\/api.w.org\/{rel}","templated":true}]}}