{"id":145,"date":"2024-02-14T14:19:07","date_gmt":"2024-02-14T14:19:07","guid":{"rendered":"https:\/\/hermanomiguelquito.lasalleweb.ec\/?page_id=145"},"modified":"2024-09-04T15:17:56","modified_gmt":"2024-09-04T15:17:56","slug":"historia","status":"publish","type":"page","link":"https:\/\/hermanomiguelquito.lasalleweb.ec\/?page_id=145","title":{"rendered":"Historia"},"content":{"rendered":"<p>[et_pb_section fb_built=\u00bb1&#8243; admin_label=\u00bbHeader\u00bb _builder_version=\u00bb4.23.1&#8243; _module_preset=\u00bbdefault\u00bb background_color=\u00bbgcid-d214ab81-0383-475f-b48e-2c27b44bd017&#8243; custom_padding=\u00bb||26px|||\u00bb collapsed=\u00bbon\u00bb global_colors_info=\u00bb{%22gcid-d214ab81-0383-475f-b48e-2c27b44bd017%22:%91%22background_color%22%93}\u00bb][et_pb_row _builder_version=\u00bb4.23.1&#8243; _module_preset=\u00bbdefault\u00bb global_colors_info=\u00bb{}\u00bb][et_pb_column type=\u00bb4_4&#8243; _builder_version=\u00bb4.23.1&#8243; _module_preset=\u00bbdefault\u00bb global_colors_info=\u00bb{}\u00bb][et_pb_text _builder_version=\u00bb4.23.1&#8243; _module_preset=\u00bba6ffdbd9-a3f8-4ad7-9e5d-3fbeff1bbe47&#8243; text_orientation=\u00bbcenter\u00bb global_colors_info=\u00bb{}\u00bb]<\/p>\n<h1>Nuestra Historia<\/h1>\n<p>[\/et_pb_text][et_pb_audio audio=\u00bbhttps:\/\/hermanomiguelquito.lasalleweb.ec\/wp-content\/uploads\/2024\/04\/SALLE-ES.mp3&#8243; _builder_version=\u00bb4.24.3&#8243; _module_preset=\u00bbdefault\u00bb min_height=\u00bb64px\u00bb custom_margin=\u00bb10px|||||\u00bb custom_padding=\u00bb21px||33px|||\u00bb border_radii=\u00bbon|22px|22px|22px|22px\u00bb box_shadow_style_image=\u00bbpreset1&#8243; box_shadow_horizontal_image=\u00bb19px\u00bb global_colors_info=\u00bb{}\u00bb][\/et_pb_audio][\/et_pb_column][\/et_pb_row][\/et_pb_section][et_pb_section fb_built=\u00bb1&#8243; admin_label=\u00bbAbout\u00bb _builder_version=\u00bb4.23.1&#8243; _module_preset=\u00bbdefault\u00bb background_color=\u00bbgcid-d214ab81-0383-475f-b48e-2c27b44bd017&#8243; custom_padding=\u00bb9px||0px|||\u00bb collapsed=\u00bbon\u00bb global_colors_info=\u00bb{%22gcid-d214ab81-0383-475f-b48e-2c27b44bd017%22:%91%22background_color%22%93}\u00bb][et_pb_row column_structure=\u00bb1_3,1_3,1_3&#8243; use_custom_gutter=\u00bbon\u00bb gutter_width=\u00bb2&#8243; _builder_version=\u00bb4.24.0&#8243; _module_preset=\u00bbdefault\u00bb global_colors_info=\u00bb{}\u00bb][et_pb_column type=\u00bb1_3&#8243; _builder_version=\u00bb4.23.1&#8243; _module_preset=\u00bbdefault\u00bb global_colors_info=\u00bb{}\u00bb][et_pb_text _builder_version=\u00bb4.24.0&#8243; _module_preset=\u00bb09fc69ec-701a-4340-be2d-793cea294b76&#8243; text_orientation=\u00bbjustified\u00bb global_colors_info=\u00bb{}\u00bb]<\/p>\n<p>\u00bfC\u00f3mo resumir en pocas l\u00edneas la presencia de los Hermanos de las Escuelas Cristianas en el Ecuador a lo largo de 157 a\u00f1os?<\/p>\n<p>Basado en su benevolencia y en el confirmado afecto suyo hacia la Salle y su labor educativa.<\/p>\n<p>En febrero de 1863 llegan al Puerto de Guayaquil 10 Hermanos Franceses, tres de ellos Agul\u00eds Mar\u00eda, Apolo y Juniano, se dirigen a Cuenca y un 4 de mayo del mismo a\u00f1o apert\u00faran la escuela San Jos\u00e9 en la calle Gran Colombia, entre Borrero y Benigno Malo. Ocupan una vieja edificaci\u00f3n destinada anta\u00f1o a Hospital, hoy inexistente y en cuyo predio estaba la antigua Escuela Central, hoy readecuada para fines culturales por la Municipalidad Cuencana.<\/p>\n<p>Fueron el Presidente Garc\u00eda Moreno y el futuro Arzobispo de Quito, Monse\u00f1or Jos\u00e9 Ignacio Ord\u00f3\u00f1ez quienes alcanzaron la proeza de iniciar la consolidaci\u00f3n como Pa\u00eds soberano de nuestro querido Ecuador.<\/p>\n<p>M\u00e1s de 200 ni\u00f1os fundaron la primera escuela lasallista e hispanoamericana.<\/p>\n<p>El noveno inscrito fue Francisco Febres Cordero Mu\u00f1oz quien m\u00e1s tarde ser\u00e1 conocido y enaltecido como el Santo Hermano Miguel, gloria preclara de la Salle y del Ecuador.<\/p>\n<p>Es de notar que la casa de los Mu\u00f1oz (actual palacio arzobispal en la Bol\u00edvar) ten\u00eda una salida a la Gran Colombia por un quinto patio, ocupado hoy por el Hotel Dorado y anta\u00f1o por la capilla San Miguel Arc\u00e1ngel.<\/p>\n<p>As\u00ed se inici\u00f3 la misi\u00f3n lasallista en Cuenca, Quito y Guayaquil: educar cristianamente a los ni\u00f1os y j\u00f3venes ecuatorianos y en especial a los pobres.<\/p>\n<p>[\/et_pb_text][\/et_pb_column][et_pb_column type=\u00bb1_3&#8243; _builder_version=\u00bb4.23.1&#8243; _module_preset=\u00bbdefault\u00bb global_colors_info=\u00bb{}\u00bb][et_pb_text _builder_version=\u00bb4.23.1&#8243; _module_preset=\u00bb09fc69ec-701a-4340-be2d-793cea294b76&#8243; text_orientation=\u00bbjustified\u00bb global_colors_info=\u00bb{}\u00bb]<\/p>\n<p>Su labor educativa se ha ejercido de modo especial en la sierra del Pa\u00eds, de Tulc\u00e1n a Cariamanga, pero tambi\u00e9n en Guayaquil y en Napo.<\/p>\n<p>Descuella en Cuenca el trabajo del Hermano Franc\u00e9s Imon\u00eds, quien ser\u00e1 ejemplar en lo pedag\u00f3gico pero que, adem\u00e1s, junto al sacerdote Cuesta alentar\u00e1n la organizaci\u00f3n obrera a inicios del siglo XX, los \u201cObreros de la Salle\u201d.<\/p>\n<p>1895 fue para el Pa\u00eds el inicio de nuevos rumbos con el gran patriota Don Eloy Alfaro, entre sus logros cuentan la implantaci\u00f3n de la educaci\u00f3n laica en el Ecuador, lo que origin\u00f3 una grave crisis entre la Iglesia Cat\u00f3lica y el R\u00e9gimen.<\/p>\n<p>Sin embargo personalidades como Federico Gonz\u00e1lez Su\u00e1rez, Hermano Miguel, Hermano Imon\u00eds buscar\u00e1n y apoyar\u00e1n pol\u00edticas de sanos y democr\u00e1ticos entendimientos.<\/p>\n<p>El 12 de Agosto de 1900, los Hermanos ocuparon el edificio de la Gran Colombia entre las calles Borrero y Hermano Miguel hasta 1972 en que el Municipio dio por terminada la donaci\u00f3n.<\/p>\n<p>En 1938, en las \u201cBodas de Diamante\u201d de la Escuela San Jos\u00e9, el Hermano Eduardo Jos\u00e9 adquiri\u00f3 un predio en la Avenida Solano con dineros otorgados por personalidades de la ciudad. Vale destacar el nombre de Do\u00f1a Aspacia Polo Toral.<\/p>\n<p>Posteriormente, hacia el a\u00f1o 1955, dicho predio fue adecuadamente aumentado por gestiones del Hno. Eliseo Luis (hoy el sacerdote Jos\u00e9 Castelv\u00ed Queralt) secundado por ayudas econ\u00f3micas significativas tanto de Do\u00f1a Florencia Astudillo como de las hermanas de la Concepci\u00f3n y Alicia Carri\u00f3n.<\/p>\n<p>[\/et_pb_text][\/et_pb_column][et_pb_column type=\u00bb1_3&#8243; _builder_version=\u00bb4.23.1&#8243; _module_preset=\u00bbdefault\u00bb global_colors_info=\u00bb{}\u00bb][et_pb_text _builder_version=\u00bb4.23.1&#8243; _module_preset=\u00bb09fc69ec-701a-4340-be2d-793cea294b76&#8243; text_orientation=\u00bbjustified\u00bb global_colors_info=\u00bb{}\u00bb]<\/p>\n<p>Con el Hno. Javier, arquitecto de la Comunidad Lasallista elaboraron los planos del actual Colegio Hermano Miguel e iniciaron su construcci\u00f3n, que fue reiniciada por el Hno. Basilio (Miguel Carvajal) en 1963.<\/p>\n<p>A partir de 1972, tanto secundaria como primaria, ocupar\u00e1n las mismas instalaciones de la \u201cVirgen de Bronce\u201d poco a poco completadas gracias a las diversas Comunidades Educativas presididas por los Rectores entre 1972 y 2009.<\/p>\n<p>Hoy dicho Plantel educa a m\u00e1s de 2000 estudiantes varones y mujeres.<\/p>\n<p>Desde el a\u00f1o 2008, fieles a la educaci\u00f3n de los m\u00e1s pobres, el Colegio de la ma\u00f1ana sostiene un peque\u00f1o Colegio gratuito reconocido con el nombre de Unidad Educativa Particular San Jos\u00e9.<\/p>\n<p>Dicho Centro tiene su propio edificio junto a los predios del matutino. Sus alumnos gozan de los mismos derechos y deberes inherentes a todo hijo de Dios.<\/p>\n<p>Todos los establecimientos Lasallistas del Ecuador podr\u00edan narrar sus metas y logros pero lo descrito no es para instalarse en un pasado, sino para proyectarse propositivamente en el devenir de la sociedad.<\/p>\n<p>Dios nos bendiga y el querido Ecuador nos contin\u00fae apoyando.<\/p>\n<p>[\/et_pb_text][\/et_pb_column][\/et_pb_row][\/et_pb_section][et_pb_section fb_built=\u00bb1&#8243; admin_label=\u00bbHeader\u00bb _builder_version=\u00bb4.23.1&#8243; _module_preset=\u00bbdefault\u00bb background_color=\u00bbgcid-d214ab81-0383-475f-b48e-2c27b44bd017&#8243; custom_padding=\u00bb||26px|||\u00bb collapsed=\u00bbon\u00bb global_colors_info=\u00bb{%22gcid-d214ab81-0383-475f-b48e-2c27b44bd017%22:%91%22background_color%22%93}\u00bb][et_pb_row _builder_version=\u00bb4.23.1&#8243; _module_preset=\u00bbdefault\u00bb global_colors_info=\u00bb{}\u00bb][et_pb_column type=\u00bb4_4&#8243; _builder_version=\u00bb4.23.1&#8243; _module_preset=\u00bbdefault\u00bb global_colors_info=\u00bb{}\u00bb][et_pb_text _builder_version=\u00bb4.23.1&#8243; _module_preset=\u00bba6ffdbd9-a3f8-4ad7-9e5d-3fbeff1bbe47&#8243; text_orientation=\u00bbcenter\u00bb global_colors_info=\u00bb{}\u00bb]<\/p>\n<h1>Our History<\/h1>\n<p>[\/et_pb_text][et_pb_audio audio=\u00bbhttps:\/\/hermanomiguelquito.lasalleweb.ec\/wp-content\/uploads\/2024\/04\/SALLE-EN.mp3&#8243; _builder_version=\u00bb4.24.2&#8243; _module_preset=\u00bbdefault\u00bb border_radii=\u00bbon|22px|22px|22px|22px\u00bb global_colors_info=\u00bb{}\u00bb][\/et_pb_audio][\/et_pb_column][\/et_pb_row][\/et_pb_section][et_pb_section fb_built=\u00bb1&#8243; admin_label=\u00bbAbout\u00bb _builder_version=\u00bb4.23.1&#8243; _module_preset=\u00bbdefault\u00bb background_color=\u00bbgcid-d214ab81-0383-475f-b48e-2c27b44bd017&#8243; custom_padding=\u00bb9px||0px|||\u00bb collapsed=\u00bbon\u00bb global_colors_info=\u00bb{%22gcid-d214ab81-0383-475f-b48e-2c27b44bd017%22:%91%22background_color%22%93}\u00bb][et_pb_row column_structure=\u00bb1_3,1_3,1_3&#8243; use_custom_gutter=\u00bbon\u00bb gutter_width=\u00bb2&#8243; _builder_version=\u00bb4.24.0&#8243; _module_preset=\u00bbdefault\u00bb global_colors_info=\u00bb{}\u00bb][et_pb_column type=\u00bb1_3&#8243; _builder_version=\u00bb4.23.1&#8243; _module_preset=\u00bbdefault\u00bb global_colors_info=\u00bb{}\u00bb][et_pb_text _builder_version=\u00bb4.24.0&#8243; _module_preset=\u00bb09fc69ec-701a-4340-be2d-793cea294b76&#8243; text_orientation=\u00bbjustified\u00bb global_colors_info=\u00bb{}\u00bb]<\/p>\n<p>How to summarize in a few lines the presence of the Brothers of the Christian Schools in Ecuador over 157 years? Based on his benevolence and his confirmed affection for the Salle and his educational work.<\/p>\n<p>February 1863 10 French Brothers arrive at the Port of Guayaquil, three of them Agul\u00eds Mar\u00eda, Apolo and Juniano, head to Cuenca and on 4 May of the same year they set up the San Jos\u00e9 school on Gran Colombia Street, between Borrero and Benigno Malo.<\/p>\n<p>They occupy an old building once destined for Hospital, now non-existent and on whose site was the old Central School, now resuitable for cultural purposes by the Municipality Cuencana.<\/p>\n<p>It was President Garc\u00eda Moreno and the future Archbishop of Quito, Monsignor Jos\u00e9 Ignacio Ord\u00f3\u00f1ez who achieved the feat of initiating consolidation as the sovereign country of our beloved Ecuador.<\/p>\n<p>More than 200 children founded the first Lasallist and Spanish-American school. The ninth inscribed was Francisco Febres Cordero Mu\u00f1oz who will later be known and exalted as the Holy Brother Miguel, pre-clear glory of the Salle and Ecuador.<\/p>\n<p>It is noteworthy that the house of the Mu\u00f1oz (present archbishop&#8217;s palace in the Bolivar) had an exit to Gran Colombia by a fifth courtyard, occupied today by the Hotel Dorado and formerly by the chapel San Miguel Arc\u00e1ngel.<\/p>\n<p>[\/et_pb_text][\/et_pb_column][et_pb_column type=\u00bb1_3&#8243; _builder_version=\u00bb4.23.1&#8243; _module_preset=\u00bbdefault\u00bb global_colors_info=\u00bb{}\u00bb][et_pb_text _builder_version=\u00bb4.23.1&#8243; _module_preset=\u00bb09fc69ec-701a-4340-be2d-793cea294b76&#8243; text_orientation=\u00bbjustified\u00bb global_colors_info=\u00bb{}\u00bb]<\/p>\n<p>This is how Lasallian mission was established in Cuenca, Quito and Guayaquil: to educate young Ecuadorian children in a Christian way and especially for poor.<\/p>\n<p>Its educational work has been exercised in a special way in the Highland of the country, from Tulc\u00e1n to Cariamanga, but also in Guayaquil and Napo.<\/p>\n<p>The work of the French Brother Imon\u00eds excel in Cuenca, who will be exemplary in the pedagogical but also, together with the priest Cuesta, will encourage the workers&#8217; organization at the beginning of the 20th century, the \u00abWorkers of La Salle\u00bb.<\/p>\n<p>1895 was for the country the beginning of new directions with the great patriot Mr. Eloy Alfaro, among his achievements include the implementation of secular education in Ecuador, which caused a serious crisis between the Catholic Church and the Regime. However, personalities such as Federico Gonz\u00e1lez Su\u00e1rez, Brother Miguel, Brother Imon\u00eds will seek and support policies of healthy and democratic understandings.<\/p>\n<p>On August 12th, 1900, the Brothers occupied La Gran Colombia building between Borrero and Hermano Miguel streets until 1972 when the Municipality finished the donation.<br \/>In 1938, in the \u201cDiamond Weddings\u201d of San Jos\u00e9 School, Brother Eduardo Jos\u00e9 acquired a property on Solano Avenue with money granted by personalities of the city.<\/p>\n<p>[\/et_pb_text][\/et_pb_column][et_pb_column type=\u00bb1_3&#8243; _builder_version=\u00bb4.23.1&#8243; _module_preset=\u00bbdefault\u00bb global_colors_info=\u00bb{}\u00bb][et_pb_text _builder_version=\u00bb4.23.1&#8243; _module_preset=\u00bb09fc69ec-701a-4340-be2d-793cea294b76&#8243; text_orientation=\u00bbjustified\u00bb global_colors_info=\u00bb{}\u00bb]<\/p>\n<p>It is worth mentioning the name of Mrs.Aspacia Polo Toral.<\/p>\n<p>Subsequently, around 1955, Brother Eliseo Luis (now Priest Jos\u00e9 Castelv\u00ed Queralt) adequately increased the property and received a consiserable economic support from both Ms. Florencia Astudillo as well as from the Sisters of the Immaculate Conception and Ms. Alicia Carri\u00f3n.<\/p>\n<p>The building plans for the existing Hermano Miguel High School were drawn up with the help of Brother Javier, the architect of the Lasallian Community, and construction work started soon after. It was later continued in 1963 under the supervision of Brother Basil (Miguel Carvajal).<\/p>\n<p>From 1972, both secondary and primary schools occupied the same facilities of the \u00abVirgen de Bronce\u00bb and were gradually completed thanks to the various Educational Communities represented by the school\u2019s Principals between 1972 and 2009. Today this very institution enrolls more than 2000 male and female students.<\/p>\n<p>Since 2008, being faithful to educating students from poverty-stricken families, the morning high school runs a small free high school known as the Unidad Educativa Particular San Jos\u00e9. This school was built next to the morning school providing students with the same rights and responsibilities belonging to every child of God.<\/p>\n<p>[\/et_pb_text][\/et_pb_column][\/et_pb_row][\/et_pb_section][et_pb_section fb_built=\u00bb1&#8243; admin_label=\u00bbCall to Action\u00bb _builder_version=\u00bb4.23.1&#8243; _module_preset=\u00bbdefault\u00bb background_color=\u00bbgcid-d214ab81-0383-475f-b48e-2c27b44bd017&#8243; collapsed=\u00bbon\u00bb global_colors_info=\u00bb{%22gcid-d214ab81-0383-475f-b48e-2c27b44bd017%22:%91%22background_color%22%93}\u00bb][et_pb_row custom_padding_last_edited=\u00bbon|desktop\u00bb _builder_version=\u00bb4.24.0&#8243; _module_preset=\u00bbdefault\u00bb background_color=\u00bbgcid-dfe2e0c1-6f93-4563-8502-7952298bf493&#8243; custom_padding=\u00bb60px|120px|60px|120px|true|true\u00bb custom_padding_tablet=\u00bb30px|30px|30px|30px|true|true\u00bb custom_padding_phone=\u00bb20px|20px|20px|20px|true|true\u00bb border_radii=\u00bbon|20px|20px|20px|20px\u00bb global_colors_info=\u00bb{%22gcid-dfe2e0c1-6f93-4563-8502-7952298bf493%22:%91%22background_color%22%93}\u00bb][et_pb_column type=\u00bb4_4&#8243; _builder_version=\u00bb4.23.1&#8243; _module_preset=\u00bbdefault\u00bb global_colors_info=\u00bb{}\u00bb][et_pb_text _builder_version=\u00bb4.24.0&#8243; _module_preset=\u00bb3b3d8709-53ea-47bf-bc4d-893ebde5a5a6&#8243; header_2_text_color=\u00bb#FFFFFF\u00bb text_orientation=\u00bbcenter\u00bb custom_margin=\u00bb||10px||false|false\u00bb global_colors_info=\u00bb{}\u00bb]<\/p>\n<h2>Nuesta historia se fundamenta en nuestros Valores<\/h2>\n<p>[\/et_pb_text][et_pb_text _builder_version=\u00bb4.24.0&#8243; _module_preset=\u00bb09fc69ec-701a-4340-be2d-793cea294b76&#8243; text_text_color=\u00bb#FFFFFF\u00bb text_orientation=\u00bbcenter\u00bb global_colors_info=\u00bb{}\u00bb]<\/p>\n<p>Puedes leer sobre nuestros Valora, Misi\u00f3n y Visi\u00f3n a continuaci\u00f3n<\/p>\n<p>[\/et_pb_text][et_pb_button button_url=\u00bb@ET-DC@eyJkeW5hbWljIjp0cnVlLCJjb250ZW50IjoicG9zdF9saW5rX3VybF9wYWdlIiwic2V0dGluZ3MiOnsicG9zdF9pZCI6IjE2OSJ9fQ==@\u00bb url_new_window=\u00bbon\u00bb button_text=\u00bbLeer m\u00e1s\u00bb button_alignment=\u00bbcenter\u00bb _builder_version=\u00bb4.24.0&#8243; _dynamic_attributes=\u00bbbutton_url\u00bb _module_preset=\u00bbed45fcb8-4602-4019-97fd-fbb0d978547e\u00bb button_text_color=\u00bbgcid-dfe2e0c1-6f93-4563-8502-7952298bf493&#8243; button_bg_color=\u00bb#FFFFFF\u00bb button_use_icon=\u00bboff\u00bb global_colors_info=\u00bb{%22gcid-27d27316-00ff-460e-9cc1-5df31af25225%22:%91%22button_bg_color%22%93,%22gcid-dfe2e0c1-6f93-4563-8502-7952298bf493%22:%91%22button_text_color%22%93}\u00bb][\/et_pb_button][\/et_pb_column][\/et_pb_row][\/et_pb_section][et_pb_section fb_built=\u00bb1&#8243; admin_label=\u00bbFooter Links\u00bb _builder_version=\u00bb4.24.0&#8243; _module_preset=\u00bbdefault\u00bb background_color=\u00bbgcid-dfe2e0c1-6f93-4563-8502-7952298bf493&#8243; custom_padding=\u00bb||12px|||\u00bb global_module=\u00bb152&#8243; saved_tabs=\u00bball\u00bb locked=\u00bboff\u00bb collapsed=\u00bbon\u00bb global_colors_info=\u00bb{%22gcid-dfe2e0c1-6f93-4563-8502-7952298bf493%22:%91%22background_color%22%93}\u00bb][et_pb_row column_structure=\u00bb1_4,1_4,1_4,1_4&#8243; _builder_version=\u00bb4.24.0&#8243; _module_preset=\u00bbdefault\u00bb custom_padding=\u00bb||0px|||\u00bb global_colors_info=\u00bb{}\u00bb][et_pb_column type=\u00bb1_4&#8243; _builder_version=\u00bb4.21.0&#8243; _module_preset=\u00bbdefault\u00bb global_colors_info=\u00bb{}\u00bb][et_pb_image src=\u00bbhttps:\/\/hermanomiguelquito.lasalleweb.ec\/wp-content\/uploads\/2024\/02\/98d749_bd3b7d77e5044fc7ad4002ef4cf15f1bmv2.webp\u00bb title_text=\u00bb98d749_bd3b7d77e5044fc7ad4002ef4cf15f1b~mv2&#8243; _builder_version=\u00bb4.24.0&#8243; _module_preset=\u00bbdefault\u00bb global_colors_info=\u00bb{}\u00bb][\/et_pb_image][et_pb_social_media_follow _builder_version=\u00bb4.24.0&#8243; _module_preset=\u00bbdefault\u00bb global_colors_info=\u00bb{}\u00bb][et_pb_social_media_follow_network social_network=\u00bbyoutube\u00bb url=\u00bbhttps:\/\/www.youtube.com\/channel\/UC1Z48293Tf-kzsxStDSgSOQ\u00bb icon_color=\u00bb#FFFFFF\u00bb use_icon_font_size=\u00bbon\u00bb icon_font_size=\u00bb21px\u00bb _builder_version=\u00bb4.24.0&#8243; _module_preset=\u00bbdefault\u00bb background_enable_color=\u00bboff\u00bb custom_button=\u00bbon\u00bb global_colors_info=\u00bb{}\u00bb follow_button=\u00bboff\u00bb url_new_window=\u00bbon\u00bb]youtube[\/et_pb_social_media_follow_network][et_pb_social_media_follow_network social_network=\u00bbfacebook\u00bb url=\u00bbhttps:\/\/www.facebook.com\/sallecuenca\u00bb icon_color=\u00bb#FFFFFF\u00bb use_icon_font_size=\u00bbon\u00bb icon_font_size=\u00bb21px\u00bb _builder_version=\u00bb4.24.0&#8243; _module_preset=\u00bbdefault\u00bb background_enable_color=\u00bboff\u00bb custom_button=\u00bbon\u00bb global_colors_info=\u00bb{}\u00bb follow_button=\u00bboff\u00bb url_new_window=\u00bbon\u00bb]facebook[\/et_pb_social_media_follow_network][et_pb_social_media_follow_network social_network=\u00bbinstagram\u00bb url=\u00bbhttps:\/\/www.instagram.com\/UEP.Hermano_Miguel_Cuenca\/\u00bb icon_color=\u00bb#FFFFFF\u00bb use_icon_font_size=\u00bbon\u00bb icon_font_size=\u00bb21px\u00bb _builder_version=\u00bb4.24.0&#8243; _module_preset=\u00bbdefault\u00bb background_enable_color=\u00bboff\u00bb custom_button=\u00bbon\u00bb global_colors_info=\u00bb{}\u00bb follow_button=\u00bboff\u00bb url_new_window=\u00bbon\u00bb]instagram[\/et_pb_social_media_follow_network][\/et_pb_social_media_follow][\/et_pb_column][et_pb_column type=\u00bb1_4&#8243; _builder_version=\u00bb4.21.0&#8243; _module_preset=\u00bbdefault\u00bb global_colors_info=\u00bb{}\u00bb][et_pb_text _builder_version=\u00bb4.24.0&#8243; _module_preset=\u00bb9e0f691a-51a6-4320-a4bb-7b8eaf0485ea\u00bb header_4_text_color=\u00bb#FFFFFF\u00bb header_4_font_size=\u00bb20px\u00bb custom_margin=\u00bb||20px||false|false\u00bb global_colors_info=\u00bb{}\u00bb]<\/p>\n<h4>TEL\u00c9FONOS<\/h4>\n<p>[\/et_pb_text][et_pb_text _builder_version=\u00bb4.24.0&#8243; _module_preset=\u00bb9e13ac0a-9ab7-4711-b476-4f1256d1adc0&#8243; text_font=\u00bbNunito||||||||\u00bb text_text_color=\u00bb#FFFFFF\u00bb text_font_size=\u00bb7px\u00bb link_text_color=\u00bbgcid-4e1a4293-6847-4a8b-8670-1037625c3a21&#8243; custom_margin=\u00bb||12px||false|false\u00bb text_font_size_last_edited=\u00bboff|desktop\u00bb global_colors_info=\u00bb{%22gcid-4e1a4293-6847-4a8b-8670-1037625c3a21%22:%91%22link_text_color%22%93}\u00bb]<\/p>\n<p class=\"font_8 wixui-rich-text__text\"><span class=\"wixui-rich-text__text\">(07) 2810 349<\/span><\/p>\n<p class=\"font_8 wixui-rich-text__text\"><span class=\"wixui-rich-text__text\">(07) 2814 184<\/span><\/p>\n<p class=\"font_8 wixui-rich-text__text\"><span class=\"wixui-rich-text__text\">(07) 2881 235<\/span><\/p>\n<p>[\/et_pb_text][et_pb_text _builder_version=\u00bb4.24.0&#8243; _module_preset=\u00bb9e0f691a-51a6-4320-a4bb-7b8eaf0485ea\u00bb header_4_text_color=\u00bb#FFFFFF\u00bb header_4_font_size=\u00bb20px\u00bb custom_margin=\u00bb||20px||false|false\u00bb global_colors_info=\u00bb{}\u00bb]<\/p>\n<h4>SECRETAR\u00cdA<\/h4>\n<p>[\/et_pb_text][et_pb_text _builder_version=\u00bb4.24.0&#8243; _module_preset=\u00bb9e13ac0a-9ab7-4711-b476-4f1256d1adc0&#8243; text_font=\u00bbNunito||||||||\u00bb text_text_color=\u00bb#FFFFFF\u00bb text_font_size=\u00bb7px\u00bb link_text_color=\u00bbgcid-4e1a4293-6847-4a8b-8670-1037625c3a21&#8243; custom_margin=\u00bb||8px||false|false\u00bb text_font_size_last_edited=\u00bboff|desktop\u00bb global_colors_info=\u00bb{%22gcid-4e1a4293-6847-4a8b-8670-1037625c3a21%22:%91%22link_text_color%22%93}\u00bb]<\/p>\n<p class=\"font_8 wixui-rich-text__text\">0983582452<\/p>\n<p>[\/et_pb_text][\/et_pb_column][et_pb_column type=\u00bb1_4&#8243; _builder_version=\u00bb4.21.0&#8243; _module_preset=\u00bbdefault\u00bb global_colors_info=\u00bb{}\u00bb][et_pb_image src=\u00bbhttps:\/\/hermanomiguelquito.lasalleweb.ec\/wp-content\/uploads\/2024\/02\/98d749_9632f7fa33a944d2b8a17e215da118c3mv2.webp\u00bb title_text=\u00bb98d749_9632f7fa33a944d2b8a17e215da118c3~mv2&#8243; _builder_version=\u00bb4.24.0&#8243; _module_preset=\u00bbdefault\u00bb global_colors_info=\u00bb{}\u00bb][\/et_pb_image][et_pb_image src=\u00bbhttps:\/\/hermanomiguelquito.lasalleweb.ec\/wp-content\/uploads\/2024\/02\/98d749_3632d509fb614ae5adc97769efeff12fmv2.webp\u00bb title_text=\u00bb98d749_3632d509fb614ae5adc97769efeff12f~mv2&#8243; _builder_version=\u00bb4.24.0&#8243; _module_preset=\u00bbdefault\u00bb global_colors_info=\u00bb{}\u00bb][\/et_pb_image][\/et_pb_column][et_pb_column type=\u00bb1_4&#8243; _builder_version=\u00bb4.21.0&#8243; _module_preset=\u00bbdefault\u00bb global_colors_info=\u00bb{}\u00bb][et_pb_image src=\u00bbhttps:\/\/hermanomiguelquito.lasalleweb.ec\/wp-content\/uploads\/2024\/02\/98d749_30cc9847268e4bf7b5ab89098ba2d27dmv2.webp\u00bb title_text=\u00bb98d749_30cc9847268e4bf7b5ab89098ba2d27d~mv2&#8243; _builder_version=\u00bb4.24.0&#8243; _module_preset=\u00bbdefault\u00bb global_colors_info=\u00bb{}\u00bb][\/et_pb_image][\/et_pb_column][\/et_pb_row][et_pb_row _builder_version=\u00bb4.24.0&#8243; _module_preset=\u00bbdefault\u00bb custom_padding=\u00bb0px||8px|||\u00bb global_colors_info=\u00bb{}\u00bb][et_pb_column type=\u00bb4_4&#8243; _builder_version=\u00bb4.24.0&#8243; _module_preset=\u00bbdefault\u00bb global_colors_info=\u00bb{}\u00bb][et_pb_text _builder_version=\u00bb4.24.0&#8243; _module_preset=\u00bbdefault\u00bb text_text_color=\u00bb#FFFFFF\u00bb text_orientation=\u00bbcenter\u00bb global_colors_info=\u00bb{}\u00bb]<\/p>\n<p><img decoding=\"async\" src=\"https:\/\/static.wixstatic.com\/media\/98d749_064d87306ec548a9880d4b52ee04a33d~mv2.webp\" \/><br \/>U.E.P. Hermano Miguel De La Salle &#8211; Derechos Reservados<\/p>\n<p>[\/et_pb_text][\/et_pb_column][\/et_pb_row][\/et_pb_section]<\/p>\n","protected":false},"excerpt":{"rendered":"<p>Nuestra Historia\u00bfC\u00f3mo resumir en pocas l\u00edneas la presencia de los Hermanos de las Escuelas Cristianas en el Ecuador a lo largo de 157 a\u00f1os? Basado en su benevolencia y en el confirmado afecto suyo hacia la Salle y su labor educativa. En febrero de 1863 llegan al Puerto de Guayaquil 10 Hermanos Franceses, tres de [&hellip;]<\/p>\n","protected":false},"author":3,"featured_media":0,"parent":0,"menu_order":0,"comment_status":"closed","ping_status":"closed","template":"","meta":{"_et_pb_use_builder":"on","_et_pb_old_content":"","_et_gb_content_width":"","footnotes":""},"class_list":["post-145","page","type-page","status-publish","hentry"],"_links":{"self":[{"href":"https:\/\/hermanomiguelquito.lasalleweb.ec\/index.php?rest_route=\/wp\/v2\/pages\/145","targetHints":{"allow":["GET"]}}],"collection":[{"href":"https:\/\/hermanomiguelquito.lasalleweb.ec\/index.php?rest_route=\/wp\/v2\/pages"}],"about":[{"href":"https:\/\/hermanomiguelquito.lasalleweb.ec\/index.php?rest_route=\/wp\/v2\/types\/page"}],"author":[{"embeddable":true,"href":"https:\/\/hermanomiguelquito.lasalleweb.ec\/index.php?rest_route=\/wp\/v2\/users\/3"}],"replies":[{"embeddable":true,"href":"https:\/\/hermanomiguelquito.lasalleweb.ec\/index.php?rest_route=%2Fwp%2Fv2%2Fcomments&post=145"}],"version-history":[{"count":14,"href":"https:\/\/hermanomiguelquito.lasalleweb.ec\/index.php?rest_route=\/wp\/v2\/pages\/145\/revisions"}],"predecessor-version":[{"id":596,"href":"https:\/\/hermanomiguelquito.lasalleweb.ec\/index.php?rest_route=\/wp\/v2\/pages\/145\/revisions\/596"}],"wp:attachment":[{"href":"https:\/\/hermanomiguelquito.lasalleweb.ec\/index.php?rest_route=%2Fwp%2Fv2%2Fmedia&parent=145"}],"curies":[{"name":"wp","href":"https:\/\/api.w.org\/{rel}","templated":true}]}}